{"id":20,"date":"2021-10-01T11:03:57","date_gmt":"2021-10-01T09:03:57","guid":{"rendered":"https:\/\/optique-nicorelli.fr\/magasin\/?page_id=20"},"modified":"2026-04-25T10:59:36","modified_gmt":"2026-04-25T08:59:36","slug":"index","status":"publish","type":"page","link":"https:\/\/optique-nicorelli.fr\/magasin\/","title":{"rendered":"Opticien \u00e0 Vanves : Lunettes, lunettes de soleil, lentilles."},"content":{"rendered":"\n\n\t<section class=\"section dark has-parallax has-scroll-for-more\" id=\"section_1762148446\">\n\t\t<div class=\"section-bg fill\" data-parallax-container=\".section\" data-parallax-background data-parallax=\"-3\">\n\t\t\t<img loading=\"lazy\" decoding=\"async\" width=\"1080\" height=\"1271\" src=\"https:\/\/optique-nicorelli.fr\/magasin\/wp-content\/uploads\/2022\/06\/285871967_562679558769101_7645754345960083639_n.jpg\" class=\"bg attachment-original size-original\" alt=\"\" \/>\t\t\t\t\t\t<div class=\"section-bg-overlay absolute fill\"><\/div><button class=\"scroll-for-more z-5 icon absolute bottom h-center\" aria-label=\"Fais d\u00e9filer pour en savoir plus\"><i class=\"icon-angle-down\" aria-hidden=\"true\" style=\"font-size:42px;\"><\/i><\/button>\n\t\t\t\n\n\t\t<\/div>\n\n\t\t\n\n\t\t<div class=\"section-content relative\">\n\t\t\t\n\n<div class=\"row align-middle align-center\"  id=\"row-1205197899\">\n\n\n\t<div id=\"col-1235658475\" class=\"col medium-7 small-12 large-7\"  data-animate=\"bounceIn\">\n\t\t\t\t<div class=\"col-inner text-center text-shadow-4\"  >\n\t\t\t\n\t\t\t\n\n\t<div id=\"text-931833072\" class=\"text\">\n\t\t\n\n<h1 style=\"font-size:280%\" class=\"alt-font\">Bienvenue dans notre magasin d&rsquo;Optique &#8230;<\/h1>\n\t\t\n<style>\n#text-931833072 {\n  font-size: 1.3rem;\n  text-align: center;\n  color: rgb(255,255,255);\n}\n#text-931833072 > * {\n  color: rgb(255,255,255);\n}\n<\/style>\n\t<\/div>\n\t\n\n\t\t<\/div>\n\t\t\t\t\t<\/div>\n\n\t\n\n<\/div>\n\n\t\t<\/div>\n\n\t\t\n<style>\n#section_1762148446 {\n  padding-top: 0px;\n  padding-bottom: 0px;\n  min-height: 610px;\n}\n#section_1762148446 .section-bg-overlay {\n  background-color: rgba(0, 0, 0, 0.134);\n}\n#section_1762148446 .section-bg img {\n  object-position: 44% 57%;\n}\n<\/style>\n\t<\/section>\n\t\n\n\t<section class=\"section\" id=\"section_164647301\">\n\t\t<div class=\"section-bg fill\" >\n\t\t\t<img loading=\"lazy\" decoding=\"async\" width=\"1251\" height=\"751\" src=\"https:\/\/optique-nicorelli.fr\/magasin\/wp-content\/uploads\/2021\/10\/fond_con_opt4.jpg\" class=\"bg attachment- size-\" alt=\"\" \/>\t\t\t\t\t\t<div class=\"section-bg-overlay absolute fill\"><\/div>\n\t\t\t\n\n\t\t<\/div>\n\n\t\t\n\n\t\t<div class=\"section-content relative\">\n\t\t\t\n\n<div class=\"row align-center\"  id=\"row-1591387919\">\n\n\n\t<div id=\"col-1092415467\" class=\"col medium-10 small-12 large-10\"  >\n\t\t\t\t<div class=\"col-inner text-center\"  >\n\t\t\t\n\t\t\t\n\n<div class=\"row\"  id=\"row-1791216275\">\n\n\n\t<div id=\"col-2115744497\" class=\"col small-12 large-12\"  >\n\t\t\t\t<div class=\"col-inner box-shadow-2\" style=\"background-color:rgb(255, 255, 255);\" >\n\t\t\t\n\t<div class=\"is-border is-dashed\"\n\t\tstyle=\"border-color:rgb(13, 153, 18);border-width:1px 1px 1px 1;\">\n\t<\/div>\n\t\t\t\n\n\t<div id=\"text-3052627515\" class=\"text\">\n\t\t\n\n<h1>\u00c0 propos de Nicorelli<\/h1>\n\t\t\n<style>\n#text-3052627515 {\n  font-size: 2.05rem;\n  text-align: center;\n  color: rgb(60, 117, 29);\n}\n#text-3052627515 > * {\n  color: rgb(60, 117, 29);\n}\n<\/style>\n\t<\/div>\n\t\n\t<div id=\"text-1350271337\" class=\"text\">\n\t\t\n\n<p><strong>Optique Nicorelli<\/strong> est un <strong>opticien<\/strong> qui est pr\u00e9sent dans la ville de<strong> Vanves <\/strong>sur la place de la R\u00e9publique depuis <strong>1964<\/strong> !<\/p>\n<p>En tant qu&rsquo;<strong>ind\u00e9pendant<\/strong>, nous choisissons nous-m\u00eame toutes les <strong>marques<\/strong> de <strong>montures<\/strong> et le <strong>verrier<\/strong> pour proposer des produits de <strong>qualit\u00e9<\/strong> \u00e0 nos clients.<\/p>\n<p>A l\u2019int\u00e9rieur de la boutique, l\u2019<strong>atmosph\u00e8re<\/strong> est <strong>conviviale<\/strong>. Les clients venus faire entretenir leur paire de lunettes sont <strong>unanimes<\/strong> : les lunettes d\u2019<strong>Optique Nicorelli<\/strong> sont de <strong>qualit\u00e9<\/strong>. <strong>La raison<\/strong> ? <br \/>Elles ont \u00e9t\u00e9 <strong>s\u00e9lectionn\u00e9es consciencieusement<\/strong>. Sur les rayons, le <strong>savoir-faire<\/strong> fran\u00e7ais et europ\u00e9en est mis en avant. Une quinzaine de marques est propos\u00e9e : <strong>Mykita<\/strong>, <strong>Lafont<\/strong>, <strong>Vuarnet<\/strong>,<strong> Shelter<\/strong>,<strong>Roussilhe<\/strong>, <strong>Maryll<\/strong> etc&#8230;<br \/>Certaines <strong>montures<\/strong> comme celles de <strong>Waiting for the Sun, Sea 2 See<\/strong> sont compos\u00e9es \u00e0 partir de <strong>mati\u00e8res recycl\u00e9es<\/strong>.<\/p>\n<p>Chez <strong>Optique Nicorelli<\/strong>, l\u2019<strong>\u00e9cologie<\/strong> est une <strong>valeur forte<\/strong> et la <strong>qualit\u00e9<\/strong> est une <strong>exigence<\/strong>. Les verres choisis pour compl\u00e9ter les montures sont ceux de la marque <strong>Novacel<\/strong>. Une entreprise fran\u00e7aise sp\u00e9cialis\u00e9e dans la conception, la fabrication et la distribution de verres optique. Fond\u00e9e en 1994 \u00e0 Ch\u00e2teau-Thierry o\u00f9 sont fabriqu\u00e9s les verres avec le label origine France garantie. Ainsi des verres  <strong>haut de gamme<\/strong>, de la gamme VOLCANE que seuls les opticiens ind\u00e9pendants peuvent vous proposer.<br \/>L\u2019opticien de la place de la R\u00e9publique est un des <strong>rares<\/strong> \u00e0 pouvoir vous le proposer.<\/p>\n<p><strong>Optique Nicorelli<\/strong> est un commerce de <strong>proximit\u00e9<\/strong> \u00e0 <strong>Vanves<\/strong> qui allie <strong>rigueur<\/strong> et <strong>bonne humeur<\/strong> !<\/p>\n\t\t\n<style>\n#text-1350271337 {\n  line-height: 1.4;\n  text-align: left;\n  color: rgb(45, 142, 22);\n}\n#text-1350271337 > * {\n  color: rgb(45, 142, 22);\n}\n<\/style>\n\t<\/div>\n\t\n\t<div id=\"gap-1740115386\" class=\"gap-element clearfix\" style=\"display:block; height:auto;\">\n\t\t\n<style>\n#gap-1740115386 {\n  padding-top: 48px;\n}\n<\/style>\n\t<\/div>\n\t\n\n<div class=\"row row-collapse align-center\"  id=\"row-833397936\">\n\n\n\t<div id=\"col-1701576903\" class=\"col medium-4 small-12 large-4\"  >\n\t\t\t\t<div class=\"col-inner\"  >\n\t\t\t\n\t\t\t\n\n\t<div class=\"img has-hover x md-x lg-x y md-y lg-y\" id=\"image_1564700857\">\n\t\t<a class=\"image-lightbox lightbox-gallery\" title=\"\" href=\"https:\/\/optique-nicorelli.fr\/magasin\/wp-content\/uploads\/2021\/11\/ph_magasin1.jpg\">\t\t\t\t\t\t<div class=\"img-inner image-fade-out dark\" >\n\t\t\t<img loading=\"lazy\" decoding=\"async\" width=\"564\" height=\"564\" src=\"https:\/\/optique-nicorelli.fr\/magasin\/wp-content\/uploads\/2021\/11\/ph_magasin1.jpg\" class=\"attachment-large size-large\" alt=\"\" srcset=\"https:\/\/optique-nicorelli.fr\/magasin\/wp-content\/uploads\/2021\/11\/ph_magasin1.jpg 564w, https:\/\/optique-nicorelli.fr\/magasin\/wp-content\/uploads\/2021\/11\/ph_magasin1-400x400.jpg 400w, https:\/\/optique-nicorelli.fr\/magasin\/wp-content\/uploads\/2021\/11\/ph_magasin1-280x280.jpg 280w\" sizes=\"auto, (max-width: 564px) 100vw, 564px\" \/>\t\t\t\t\t\t\n\t\t\t\t\t<\/div>\n\t\t\t\t\t\t<\/a>\t\t\n<style>\n#image_1564700857 {\n  width: 100%;\n}\n<\/style>\n\t<\/div>\n\t\n\n\n\t\t<\/div>\n\t\t\t\t\t<\/div>\n\n\t\n\n\t<div id=\"col-1427822707\" class=\"col medium-4 small-12 large-4\"  >\n\t\t\t\t<div class=\"col-inner\"  >\n\t\t\t\n\t\t\t\n\n\t<div class=\"img has-hover x md-x lg-x y md-y lg-y\" id=\"image_1779073081\">\n\t\t<a class=\"image-lightbox lightbox-gallery\" title=\"\" href=\"https:\/\/optique-nicorelli.fr\/magasin\/wp-content\/uploads\/2021\/11\/ph_magasin2.jpg\">\t\t\t\t\t\t<div class=\"img-inner image-fade-out dark\" >\n\t\t\t<img loading=\"lazy\" decoding=\"async\" width=\"564\" height=\"564\" src=\"https:\/\/optique-nicorelli.fr\/magasin\/wp-content\/uploads\/2021\/11\/ph_magasin2.jpg\" class=\"attachment-large size-large\" alt=\"\" srcset=\"https:\/\/optique-nicorelli.fr\/magasin\/wp-content\/uploads\/2021\/11\/ph_magasin2.jpg 564w, https:\/\/optique-nicorelli.fr\/magasin\/wp-content\/uploads\/2021\/11\/ph_magasin2-400x400.jpg 400w, https:\/\/optique-nicorelli.fr\/magasin\/wp-content\/uploads\/2021\/11\/ph_magasin2-280x280.jpg 280w\" sizes=\"auto, (max-width: 564px) 100vw, 564px\" \/>\t\t\t\t\t\t\n\t\t\t\t\t<\/div>\n\t\t\t\t\t\t<\/a>\t\t\n<style>\n#image_1779073081 {\n  width: 100%;\n}\n<\/style>\n\t<\/div>\n\t\n\n\n\t\t<\/div>\n\t\t\t\t\t<\/div>\n\n\t\n\n\t<div id=\"col-2072676192\" class=\"col medium-4 small-12 large-4\"  >\n\t\t\t\t<div class=\"col-inner\"  >\n\t\t\t\n\t\t\t\n\n\t<div class=\"img has-hover x md-x lg-x y md-y lg-y\" id=\"image_1691479113\">\n\t\t<a class=\"image-lightbox lightbox-gallery\" title=\"\" href=\"https:\/\/optique-nicorelli.fr\/magasin\/wp-content\/uploads\/2021\/11\/ph_magasin3.jpg\">\t\t\t\t\t\t<div class=\"img-inner image-fade-out dark\" >\n\t\t\t<img loading=\"lazy\" decoding=\"async\" width=\"564\" height=\"564\" src=\"https:\/\/optique-nicorelli.fr\/magasin\/wp-content\/uploads\/2021\/11\/ph_magasin3.jpg\" class=\"attachment-large size-large\" alt=\"\" srcset=\"https:\/\/optique-nicorelli.fr\/magasin\/wp-content\/uploads\/2021\/11\/ph_magasin3.jpg 564w, https:\/\/optique-nicorelli.fr\/magasin\/wp-content\/uploads\/2021\/11\/ph_magasin3-400x400.jpg 400w, https:\/\/optique-nicorelli.fr\/magasin\/wp-content\/uploads\/2021\/11\/ph_magasin3-280x280.jpg 280w\" sizes=\"auto, (max-width: 564px) 100vw, 564px\" \/>\t\t\t\t\t\t\n\t\t\t\t\t<\/div>\n\t\t\t\t\t\t<\/a>\t\t\n<style>\n#image_1691479113 {\n  width: 100%;\n}\n<\/style>\n\t<\/div>\n\t\n\n\n\t\t<\/div>\n\t\t\t\t\t<\/div>\n\n\t\n\n<\/div>\n\t<div id=\"gap-2107716642\" class=\"gap-element clearfix\" style=\"display:block; height:auto;\">\n\t\t\n<style>\n#gap-2107716642 {\n  padding-top: 38px;\n}\n<\/style>\n\t<\/div>\n\t\n\n\n\t\t<\/div>\n\t\t\t\t\n<style>\n#col-2115744497 > .col-inner {\n  padding: 32px 34px 18px 34px;\n}\n<\/style>\n\t<\/div>\n\n\t\n\n\n<style>\n#row-1791216275 > .col > .col-inner {\n  background-color: rgb(255, 255, 255);\n}\n<\/style>\n<\/div>\n\n\t\t<\/div>\n\t\t\t\t\n<style>\n#col-1092415467 > .col-inner {\n  padding: 69px 0px 50px 0px;\n}\n<\/style>\n\t<\/div>\n\n\t\n\n<\/div>\n\n\t\t<\/div>\n\n\t\t\n<style>\n#section_164647301 {\n  padding-top: 22px;\n  padding-bottom: 22px;\n  background-color: rgb(255, 255, 255);\n}\n#section_164647301 .section-bg-overlay {\n  background-color: rgba(249, 249, 249, 0.384);\n}\n#section_164647301 .section-bg img {\n  object-position: 72% 0%;\n}\n<\/style>\n\t<\/section>\n\t\n\n\t<section class=\"section\" id=\"section_1297776302\">\n\t\t<div class=\"section-bg fill\" >\n\t\t\t\t\t\t\t\t\t\n\t\t\t\n\n\t\t<\/div>\n\n\t\t\n\n\t\t<div class=\"section-content relative\">\n\t\t\t\n\n<div class=\"container section-title-container\" ><h3 class=\"section-title section-title-center\"><b aria-hidden=\"true\"><\/b><span class=\"section-title-main\" >Nos marques<\/span><b aria-hidden=\"true\"><\/b><\/h3><\/div>\n\n<div class=\"row row-small\"  id=\"row-804495747\">\n\n\n\t<div id=\"col-705341610\" class=\"col medium-4 small-6 large-2\"  >\n\t\t\t\t<div class=\"col-inner\"  >\n\t\t\t\n\t\t\t\n\n\t<div class=\"img has-hover x md-x lg-x y md-y lg-y\" id=\"image_724741067\">\n\t\t\t\t\t\t\t\t<div class=\"img-inner dark\" >\n\t\t\t<img loading=\"lazy\" decoding=\"async\" width=\"600\" height=\"400\" src=\"https:\/\/optique-nicorelli.fr\/magasin\/wp-content\/uploads\/2021\/11\/logo_mykita-1.png\" class=\"attachment-large size-large\" alt=\"\" \/>\t\t\t\t\t\t\n\t\t\t\t\t<\/div>\n\t\t\t\t\t\t\t\t\n<style>\n#image_724741067 {\n  width: 100%;\n}\n<\/style>\n\t<\/div>\n\t\n\n\n\t\t<\/div>\n\t\t\t\t\t<\/div>\n\n\t\n\n\t<div id=\"col-1298393487\" class=\"col medium-4 small-6 large-2\"  >\n\t\t\t\t<div class=\"col-inner\"  >\n\t\t\t\n\t\t\t\n\n\t<div class=\"img has-hover x md-x lg-x y md-y lg-y\" id=\"image_934950553\">\n\t\t\t\t\t\t\t\t<div class=\"img-inner dark\" >\n\t\t\t<img loading=\"lazy\" decoding=\"async\" width=\"474\" height=\"296\" src=\"https:\/\/optique-nicorelli.fr\/magasin\/wp-content\/uploads\/2023\/02\/th.jpg\" class=\"attachment-large size-large\" alt=\"\" \/>\t\t\t\t\t\t\n\t\t\t\t\t<\/div>\n\t\t\t\t\t\t\t\t\n<style>\n#image_934950553 {\n  width: 100%;\n}\n<\/style>\n\t<\/div>\n\t\n\n\n\t\t<\/div>\n\t\t\t\t\t<\/div>\n\n\t\n\n\t<div id=\"col-933419106\" class=\"col medium-4 small-6 large-2\"  >\n\t\t\t\t<div class=\"col-inner\"  >\n\t\t\t\n\t\t\t\n\n\t<div class=\"img has-hover x md-x lg-x y md-y lg-y\" id=\"image_778272972\">\n\t\t\t\t\t\t\t\t<div class=\"img-inner dark\" >\n\t\t\t<img loading=\"lazy\" decoding=\"async\" width=\"600\" height=\"400\" src=\"https:\/\/optique-nicorelli.fr\/magasin\/wp-content\/uploads\/2021\/11\/logo_lafont-1.png\" class=\"attachment-large size-large\" alt=\"\" \/>\t\t\t\t\t\t\n\t\t\t\t\t<\/div>\n\t\t\t\t\t\t\t\t\n<style>\n#image_778272972 {\n  width: 100%;\n}\n<\/style>\n\t<\/div>\n\t\n\n\n\t\t<\/div>\n\t\t\t\t\t<\/div>\n\n\t\n\n\t<div id=\"col-1970239516\" class=\"col medium-4 small-6 large-2\"  >\n\t\t\t\t<div class=\"col-inner\"  >\n\t\t\t\n\t\t\t\n\n\t<div class=\"img has-hover x md-x lg-x y md-y lg-y\" id=\"image_189921143\">\n\t\t\t\t\t\t\t\t<div class=\"img-inner dark\" >\n\t\t\t<img loading=\"lazy\" decoding=\"async\" width=\"600\" height=\"400\" src=\"https:\/\/optique-nicorelli.fr\/magasin\/wp-content\/uploads\/2023\/02\/marque-vuarnet.png\" class=\"attachment-large size-large\" alt=\"\" \/>\t\t\t\t\t\t\n\t\t\t\t\t<\/div>\n\t\t\t\t\t\t\t\t\n<style>\n#image_189921143 {\n  width: 100%;\n}\n<\/style>\n\t<\/div>\n\t\n\n\n\t\t<\/div>\n\t\t\t\t\t<\/div>\n\n\t\n\n\t<div id=\"col-608578822\" class=\"col medium-4 small-6 large-2\"  >\n\t\t\t\t<div class=\"col-inner\"  >\n\t\t\t\n\t\t\t\n\n\t<div class=\"img has-hover x md-x lg-x y md-y lg-y\" id=\"image_1279082722\">\n\t\t\t\t\t\t\t\t<div class=\"img-inner dark\" >\n\t\t\t<img loading=\"lazy\" decoding=\"async\" width=\"225\" height=\"225\" src=\"https:\/\/optique-nicorelli.fr\/magasin\/wp-content\/uploads\/2025\/05\/images-1.png\" class=\"attachment-2048x2048 size-2048x2048\" alt=\"\" \/>\t\t\t\t\t\t\n\t\t\t\t\t<\/div>\n\t\t\t\t\t\t\t\t\n<style>\n#image_1279082722 {\n  width: 78%;\n}\n<\/style>\n\t<\/div>\n\t\n\n\n\t\t<\/div>\n\t\t\t\t\t<\/div>\n\n\t\n\n\t<div id=\"col-969805688\" class=\"col medium-4 small-6 large-2\"  >\n\t\t\t\t<div class=\"col-inner\"  >\n\t\t\t\n\t\t\t\n\n\t<div class=\"img has-hover x md-x lg-x y md-y lg-y\" id=\"image_1371271740\">\n\t\t\t\t\t\t\t\t<div class=\"img-inner dark\" >\n\t\t\t<img loading=\"lazy\" decoding=\"async\" width=\"321\" height=\"229\" src=\"https:\/\/optique-nicorelli.fr\/magasin\/wp-content\/uploads\/2023\/02\/roussilhe-e1677085174875.jpg\" class=\"attachment-large size-large\" alt=\"\" \/>\t\t\t\t\t\t\n\t\t\t\t\t<\/div>\n\t\t\t\t\t\t\t\t\n<style>\n#image_1371271740 {\n  width: 100%;\n}\n<\/style>\n\t<\/div>\n\t\n\n\n\t\t<\/div>\n\t\t\t\t\t<\/div>\n\n\t\n\n\n<style>\n#row-804495747 > .col > .col-inner {\n  padding: 0px 0px 22px 0px;\n}\n<\/style>\n<\/div>\n\n\t\t<\/div>\n\n\t\t\n<style>\n#section_1297776302 {\n  padding-top: 10px;\n  padding-bottom: 10px;\n  background-color: rgb(255, 255, 255);\n}\n<\/style>\n\t<\/section>\n\t\n\n\t<section class=\"section\" id=\"section_1521403029\">\n\t\t<div class=\"section-bg fill\" >\n\t\t\t\t\t\t\t\t\t\n\t\t\t\n\n\t\t<\/div>\n\n\t\t\n\n\t\t<div class=\"section-content relative\">\n\t\t\t\n\n<div class=\"row row-collapse\"  id=\"row-1665373986\">\n\n\n\t<div id=\"col-1029611511\" class=\"col medium-12 small-12 large-6\"  >\n\t\t\t\t<div class=\"col-inner text-left\"  >\n\t\t\t\n\t\t\t\n\n\n\n\n\n\t\t\t\t<div id=\"map_ol3js_1\" class=\"map undefined\" data-map_name=\"undefined\" data-map=\"map_ol3js_1\" style=\"width:95%; max-width:100%; height:470px; display:block; overflow:hidden;border:2px solid grey; background-image: url(https:\/\/optique-nicorelli.fr\/magasin\/wp-content\/plugins\/osm\/GDPR_bckgrnd.png); background-repeat: no-repeat; background-position: center; position: relative;\" >\n\t\t\t\t  <div id=\"map_ol3js_1_popup\" class=\"ol-popup\" >\n\t\t\t\t\t<a href=\"#\" id=\"map_ol3js_1_popup-closer\" class=\"ol-popup-closer\"><\/a>\n\t\t\t\t\t<div id=\"map_ol3js_1_popup-content\" ><\/div>\n\t\t\t\t  <\/div>\n\t\t\t\t<\/div>\n\t\t\t\n\n\t\t\t\t<script type=\"text\/javascript\">\n\t\t\t\t\ttranslations['openlayer'] = \"open layer\";\n\t\t\t\t\ttranslations['openlayerAtStartup'] = \"open layer at startup\";\n\t\t\t\t\ttranslations['generateLink'] = \"link to this map with opened layers\";\n\t\t\t\t\ttranslations['shortDescription'] = \"short description\";\n\t\t\t\t\ttranslations['generatedShortCode'] = \"to get a text control link paste this code in your wordpress editor\";\n\t\t\t\t\ttranslations['closeLayer'] = \"close layer\";\n\t\t\t\t\ttranslations['cantGenerateLink'] = \"put this string in the existing map short code to control this map\";\n\t\t\t  <\/script>\n\n\n\t\t\t  <script type=\"text\/javascript\">\n\t\t\t  vectorM['map_ol3js_1'] = [];\n\t        \n        var raster = getTileLayer(\"osm\",\"NoKey\");\t\t\t\n\n\t\t\t  var map_ol3js_1 = new ol.Map({\n\t\t\t\tinteractions: ol.interaction.defaults.defaults({mouseWheelZoom:false}),\n\t\t\t\tlayers: [raster],\n\t\t\t\ttarget: \"map_ol3js_1\",\n\t\t\t\tview: new ol.View({\n\t\t\t\t  center: ol.proj.transform([2.2861,48.8211], \"EPSG:4326\", \"EPSG:3857\"),\n\t\t\t\t  zoom: 18.0\n\t\t\t\t})\n\t\t\t  });\n\t\t\t  osm_addMarkerLayer(map_ol3js_1,2.2861,48.8212,\"https:\/\/optique-nicorelli.fr\/magasin\/wp-content\/plugins\/osm\/icons\/mic_black_empty_01.png\",-16,-41,\"<p>Optique Nicorelli<\/p>\") ; \naddControls2Map(map_ol3js_1,0,1,3,1,5,6,7,1,1);\nosm_addPopupClickhandler(map_ol3js_1,  \"map_ol3js_1\"); \nosm_addMouseHover(map_ol3js_1); <\/script>\n\t<div id=\"gap-1413899047\" class=\"gap-element clearfix\" style=\"display:block; height:auto;\">\n\t\t\n<style>\n#gap-1413899047 {\n  padding-top: 20px;\n}\n<\/style>\n\t<\/div>\n\t\n\n\t<div id=\"text-3701304216\" class=\"text\">\n\t\t\n\n<h5 class=\"uppercase\">Optique Nicorelli<\/h5>\n<p>11 place de la R\u00e9publique, 92170 Vanves.<br \/>Ouvert du Mardi au Samedi de 9h30 \u00e0 12h30 et de 14h30 \u00e0 19h00.<br \/>Pour les fermetures exceptionnelles et cong\u00e9s consulter la page Google<\/p>\n<p>&#8211; &#8211; &#8211; &#8211;<br \/><span style=\"font-size: 80%;\"><br \/>Raison sociale : SARL CLAIR&rsquo;OPTIQUE<br \/>\nNum\u00e9ro RCS : 411 127 388 R.C.S Nanterre<br \/>\nCapital  social : 65 000,00 Euros<br \/>\nTVA Intracommunautaire : FR21441127388<\/p>\n<p>Aude : opticienne diplom\u00e9e,<br \/>Thanousak : opticien diplom\u00e9,<br \/>AME conso 197 Bd Saint-Germain 75007 Paris.<br \/><a href=\"https:\/\/www.mediationconso-ame.com\/\">https:\/\/www.mediationconso-ame.com\/<\/a><br \/>Droit pour le consommateur \u00e0 s&rsquo;inscrire sur la liste d&rsquo;opposition au d\u00e9marchage t\u00e9l\u00e9phonique (dispositif <a href=\"https:\/\/www.bloctel.gouv.fr\/\">BLOCTEL<\/a>)<br \/><\/span><\/p>\n<p>\u00a0<\/p>\n<p>\u00a0<\/p>\n\n\t\t\n<style>\n#text-3701304216 {\n  line-height: 1.2;\n  text-align: center;\n}\n<\/style>\n\t<\/div>\n\t\n\n\t\t<\/div>\n\t\t\t\t\n<style>\n#col-1029611511 > .col-inner {\n  padding: 50px 30px 10px 30px;\n}\n@media (min-width:550px) {\n  #col-1029611511 > .col-inner {\n    padding: 0px 0px 0px 0px;\n  }\n}\n<\/style>\n\t<\/div>\n\n\t\n\n\t<div id=\"col-836572905\" class=\"col medium-12 small-12 large-6 medium-col-first\"  >\n\t\t\t\t<div class=\"col-inner text-left\"  >\n\t\t\t\n\t\t\t\n\n<div class=\"container section-title-container\" style=\"margin-bottom:-5px;\"><h2 class=\"section-title section-title-normal\"><b aria-hidden=\"true\"><\/b><span class=\"section-title-main\" >Contactez-nous<\/span><b aria-hidden=\"true\"><\/b><\/h2><\/div>\n\n\n<div class=\"wpcf7 no-js\" id=\"wpcf7-f236-o1\" lang=\"en-US\" dir=\"ltr\" data-wpcf7-id=\"236\">\n<div class=\"screen-reader-response\"><p role=\"status\" aria-live=\"polite\" aria-atomic=\"true\"><\/p> <ul><\/ul><\/div>\n<form action=\"\/magasin\/wp-json\/wp\/v2\/pages\/20#wpcf7-f236-o1\" method=\"post\" class=\"wpcf7-form init\" aria-label=\"Contact form\" novalidate=\"novalidate\" data-status=\"init\">\n<fieldset class=\"hidden-fields-container\"><input type=\"hidden\" name=\"_wpcf7\" value=\"236\" \/><input type=\"hidden\" name=\"_wpcf7_version\" value=\"6.1.2\" \/><input type=\"hidden\" name=\"_wpcf7_locale\" value=\"en_US\" \/><input type=\"hidden\" name=\"_wpcf7_unit_tag\" value=\"wpcf7-f236-o1\" \/><input type=\"hidden\" name=\"_wpcf7_container_post\" value=\"0\" \/><input type=\"hidden\" name=\"_wpcf7_posted_data_hash\" value=\"\" \/>\n<\/fieldset>\n<div id=\"formulaire-responsive\" class=\"clearfix\">\n\t<div class=\"rang-form\">\n\t\t<div class=\"colonne\">\n\t\t\t<p>Votre pr\u00e9nom (requis): <span class=\"wpcf7-form-control-wrap\" data-name=\"prenom\"><input size=\"40\" maxlength=\"400\" class=\"wpcf7-form-control wpcf7-text wpcf7-validates-as-required\" aria-required=\"true\" aria-invalid=\"false\" value=\"\" type=\"text\" name=\"prenom\" \/><\/span>\n\t\t\t<\/p>\n\t\t<\/div>\n\t\t<div class=\"colonne\">\n\t\t\t<p>Votre nom (requis): <span class=\"wpcf7-form-control-wrap\" data-name=\"nom\"><input size=\"40\" maxlength=\"400\" class=\"wpcf7-form-control wpcf7-text wpcf7-validates-as-required\" aria-required=\"true\" aria-invalid=\"false\" value=\"\" type=\"text\" name=\"nom\" \/><\/span>\n\t\t\t<\/p>\n\t\t<\/div>\n\t<\/div>\n\t<div class=\"rang-form\">\n\t\t<div class=\"colonne\">\n\t\t\t<p>Email (requis): <span class=\"wpcf7-form-control-wrap\" data-name=\"email\"><input size=\"40\" maxlength=\"400\" class=\"wpcf7-form-control wpcf7-email wpcf7-validates-as-required wpcf7-text wpcf7-validates-as-email\" aria-required=\"true\" aria-invalid=\"false\" value=\"\" type=\"email\" name=\"email\" \/><\/span>\n\t\t\t<\/p>\n\t\t<\/div>\n\t\t<div class=\"colonne\">\n\t\t\t<p>T\u00e9l\u00e9phone (requis): <span class=\"wpcf7-form-control-wrap\" data-name=\"telephone\"><input size=\"40\" maxlength=\"400\" class=\"wpcf7-form-control wpcf7-text wpcf7-validates-as-required\" aria-required=\"true\" aria-invalid=\"false\" value=\"\" type=\"text\" name=\"telephone\" \/><\/span>\n\t\t\t<\/p>\n\t\t<\/div>\n\t<\/div>\n\t<div class=\"rang-form\">\n\t\t<div class=\"colonne\">\n\t\t\t<p>Votre message : <span class=\"wpcf7-form-control-wrap\" data-name=\"message\"><textarea cols=\"40\" rows=\"10\" maxlength=\"2000\" class=\"wpcf7-form-control wpcf7-textarea\" aria-invalid=\"false\" placeholder=\"N&#039;h\u00e9sitez pas \u00e0 nous laisser un message...\" name=\"message\"><\/textarea><\/span>\n\t\t\t<\/p>\n\t\t<\/div>\n\t<\/div>\n\t<div class=\"rang-form\">\n\t\t<div class=\"colonne accept\">\n\t\t\t<p><span class=\"wpcf7-form-control-wrap\" data-name=\"optional\"><span class=\"wpcf7-form-control wpcf7-acceptance\"><span class=\"wpcf7-list-item\"><label><input type=\"checkbox\" name=\"optional\" value=\"1\" aria-invalid=\"false\" \/><span class=\"wpcf7-list-item-label\">J'accepte que mon e-mail soit stock\u00e9e pour y apporter une r\u00e9ponse.<\/span><\/label><\/span><\/span><\/span>\n\t\t\t<\/p>\n\t\t<\/div>\n\t<\/div>\n\t<div class=\"rang-form\">\n\t\t<div class=\"colonne\">\n\t\t\t<p><input class=\"wpcf7-form-control wpcf7-submit has-spinner\" type=\"submit\" value=\"Envoyer\" \/>\n\t\t\t<\/p>\n\t\t<\/div>\n\t<\/div>\n<\/div><!--fin de formulaire-responsive--><div class=\"wpcf7-response-output\" aria-hidden=\"true\"><\/div>\n<\/form>\n<\/div>\n\n\n\n\t\t<\/div>\n\t\t\t\t\n<style>\n#col-836572905 > .col-inner {\n  padding: 0px 40px 0px 10px;\n}\n<\/style>\n\t<\/div>\n\n\t\n\n<\/div>\n\n\t\t<\/div>\n\n\t\t\n<style>\n#section_1521403029 {\n  padding-top: 60px;\n  padding-bottom: 60px;\n  background-color: rgb(245, 244, 241);\n}\n@media (min-width:850px) {\n  #section_1521403029 {\n    padding-top: 32px;\n    padding-bottom: 32px;\n  }\n}\n<\/style>\n\t<\/section>\n\t\n\n\t<section class=\"section\" id=\"section_2046505676\">\n\t\t<div class=\"section-bg fill\" >\n\t\t\t\t\t\t\t\t\t\n\t\t\t\n\n\t\t<\/div>\n\n\t\t\n\n\t\t<div class=\"section-content relative\">\n\t\t\t\n\n<div class=\"is-divider divider clearfix\" style=\"max-width:100%;height:1px;background-color:rgba(188, 188, 188, 0.26);\"><\/div>\n\n<div class=\"row\"  id=\"row-1962651909\">\n\n\n\t<div id=\"col-119881603\" class=\"col small-12 large-12\"  >\n\t\t\t\t<div class=\"col-inner text-center\"  >\n\t\t\t\n\t\t\t\n\n<div class=\"row row-collapse\"  id=\"row-1098254167\">\n\n\n\t<div id=\"col-640882036\" class=\"col small-12 large-12\"  >\n\t\t\t\t<div class=\"col-inner\"  >\n\t\t\t\n\t\t\t\n\n<a href=\"mailto:contact@optique-nicorelli.fr\" class=\"button secondary lowercase\" style=\"border-radius:4px;\">\n\t<i class=\"icon-envelop\" aria-hidden=\"true\"><\/i>\t<span>Contactez-nous<\/span>\n\t<\/a>\n\n\n<a href=\"tel:0147360349\" class=\"button secondary lowercase\" style=\"border-radius:4px;\">\n\t<i class=\"icon-phone\" aria-hidden=\"true\"><\/i>\t<span>01.47.36.03.49<\/span>\n\t<\/a>\n\n\n<a href=\"https:\/\/www.facebook.com\/optiquenicorelli\/\" target=\"_blank\" class=\"button secondary lowercase\" rel=\"noopener\" style=\"border-radius:4px;\">\n\t<i class=\"icon-facebook\" aria-hidden=\"true\"><\/i>\t<span>Rejoignez-nous<\/span>\n\t<\/a>\n\n\n\n\t\t<\/div>\n\t\t\t\t\n<style>\n#col-640882036 > .col-inner {\n  padding: 15px 0px 0px 0px;\n}\n<\/style>\n\t<\/div>\n\n\t\n\n<\/div>\n\n\t\t<\/div>\n\t\t\t\t\n<style>\n#col-119881603 > .col-inner {\n  padding: 12px 0px 0px 0px;\n}\n<\/style>\n\t<\/div>\n\n\t\n\n\n<style>\n#row-1962651909 > .col > .col-inner {\n  padding: 0 0px 0px 0px;\n}\n<\/style>\n<\/div>\n\n\t\t<\/div>\n\n\t\t\n<style>\n#section_2046505676 {\n  padding-top: 0px;\n  padding-bottom: 0px;\n  background-color: rgb(245, 244, 241);\n}\n<\/style>\n\t<\/section>\n\t\n\n","protected":false},"excerpt":{"rendered":"","protected":false},"author":1,"featured_media":0,"parent":0,"menu_order":0,"comment_status":"closed","ping_status":"closed","template":"","meta":{"footnotes":""},"class_list":["post-20","page","type-page","status-publish","hentry"],"yoast_head":"<!-- This site is optimized with the Yoast SEO plugin v26.1.1 - https:\/\/yoast.com\/wordpress\/plugins\/seo\/ -->\n<title>Optique Nicorelli - Opticien \u00e0 Vanves : Lunettes, lunettes de soleil, lentilles.<\/title>\n<meta name=\"description\" content=\"Nous vous accompagnons afin de s\u00e9lectionner des verres adapt\u00e9s a vos besoins ainsi que des montures de marques. D\u00e9couvrez aussi nos lunettes de soleil de cr\u00e9ateurs ainsi que nos lentilles de vue.\" \/>\n<meta name=\"robots\" content=\"index, follow, max-snippet:-1, max-image-preview:large, max-video-preview:-1\" \/>\n<link rel=\"canonical\" href=\"https:\/\/optique-nicorelli.fr\/magasin\/\" \/>\n<meta property=\"og:locale\" content=\"fr_FR\" \/>\n<meta property=\"og:type\" content=\"article\" \/>\n<meta property=\"og:title\" content=\"Optique Nicorelli - Opticien \u00e0 Vanves : Lunettes, lunettes de soleil, lentilles.\" \/>\n<meta property=\"og:description\" content=\"Nous vous accompagnons afin de s\u00e9lectionner des verres adapt\u00e9s a vos besoins ainsi que des montures de marques. D\u00e9couvrez aussi nos lunettes de soleil de cr\u00e9ateurs ainsi que nos lentilles de vue.\" \/>\n<meta property=\"og:url\" content=\"https:\/\/optique-nicorelli.fr\/magasin\/\" \/>\n<meta property=\"og:site_name\" content=\"Optique Nicorelli\" \/>\n<meta property=\"article:publisher\" content=\"https:\/\/www.facebook.com\/optiquenicorelli\/\" \/>\n<meta property=\"article:modified_time\" content=\"2026-04-25T08:59:36+00:00\" \/>\n<meta name=\"twitter:label1\" content=\"Dur\u00e9e de lecture estim\u00e9e\" \/>\n\t<meta name=\"twitter:data1\" content=\"3 minutes\" \/>\n<script type=\"application\/ld+json\" class=\"yoast-schema-graph\">{\"@context\":\"https:\/\/schema.org\",\"@graph\":[{\"@type\":\"WebPage\",\"@id\":\"https:\/\/optique-nicorelli.fr\/magasin\/\",\"url\":\"https:\/\/optique-nicorelli.fr\/magasin\/\",\"name\":\"Optique Nicorelli - Opticien \u00e0 Vanves : Lunettes, lunettes de soleil, lentilles.\",\"isPartOf\":{\"@id\":\"https:\/\/optique-nicorelli.fr\/magasin\/#website\"},\"datePublished\":\"2021-10-01T09:03:57+00:00\",\"dateModified\":\"2026-04-25T08:59:36+00:00\",\"description\":\"Nous vous accompagnons afin de s\u00e9lectionner des verres adapt\u00e9s a vos besoins ainsi que des montures de marques. D\u00e9couvrez aussi nos lunettes de soleil de cr\u00e9ateurs ainsi que nos lentilles de vue.\",\"breadcrumb\":{\"@id\":\"https:\/\/optique-nicorelli.fr\/magasin\/#breadcrumb\"},\"inLanguage\":\"fr-FR\",\"potentialAction\":[{\"@type\":\"ReadAction\",\"target\":[\"https:\/\/optique-nicorelli.fr\/magasin\/\"]}]},{\"@type\":\"BreadcrumbList\",\"@id\":\"https:\/\/optique-nicorelli.fr\/magasin\/#breadcrumb\",\"itemListElement\":[{\"@type\":\"ListItem\",\"position\":1,\"name\":\"Accueil\",\"item\":\"https:\/\/optique-nicorelli.fr\/magasin\/\"},{\"@type\":\"ListItem\",\"position\":2,\"name\":\"Opticien \u00e0 Vanves : Lunettes, lunettes de soleil, lentilles.\"}]},{\"@type\":\"WebSite\",\"@id\":\"https:\/\/optique-nicorelli.fr\/magasin\/#website\",\"url\":\"https:\/\/optique-nicorelli.fr\/magasin\/\",\"name\":\"Optique Nicorelli\",\"description\":\"Opticien, sp\u00e9cialiste de la sant\u00e9 visuel \u00e0 Vanves\",\"publisher\":{\"@id\":\"https:\/\/optique-nicorelli.fr\/magasin\/#organization\"},\"potentialAction\":[{\"@type\":\"SearchAction\",\"target\":{\"@type\":\"EntryPoint\",\"urlTemplate\":\"https:\/\/optique-nicorelli.fr\/magasin\/?s={search_term_string}\"},\"query-input\":{\"@type\":\"PropertyValueSpecification\",\"valueRequired\":true,\"valueName\":\"search_term_string\"}}],\"inLanguage\":\"fr-FR\"},{\"@type\":\"Organization\",\"@id\":\"https:\/\/optique-nicorelli.fr\/magasin\/#organization\",\"name\":\"Optique Nicorelli\",\"url\":\"https:\/\/optique-nicorelli.fr\/magasin\/\",\"logo\":{\"@type\":\"ImageObject\",\"inLanguage\":\"fr-FR\",\"@id\":\"https:\/\/optique-nicorelli.fr\/magasin\/#\/schema\/logo\/image\/\",\"url\":\"https:\/\/optique-nicorelli.fr\/magasin\/wp-content\/uploads\/2021\/10\/nicorelli_log.png\",\"contentUrl\":\"https:\/\/optique-nicorelli.fr\/magasin\/wp-content\/uploads\/2021\/10\/nicorelli_log.png\",\"width\":410,\"height\":94,\"caption\":\"Optique Nicorelli\"},\"image\":{\"@id\":\"https:\/\/optique-nicorelli.fr\/magasin\/#\/schema\/logo\/image\/\"},\"sameAs\":[\"https:\/\/www.facebook.com\/optiquenicorelli\/\",\"https:\/\/www.instagram.com\/optiquenicorelli\/\"]}]}<\/script>\n<!-- \/ Yoast SEO plugin. -->","yoast_head_json":{"title":"Optique Nicorelli - Opticien \u00e0 Vanves : Lunettes, lunettes de soleil, lentilles.","description":"Nous vous accompagnons afin de s\u00e9lectionner des verres adapt\u00e9s a vos besoins ainsi que des montures de marques. D\u00e9couvrez aussi nos lunettes de soleil de cr\u00e9ateurs ainsi que nos lentilles de vue.","robots":{"index":"index","follow":"follow","max-snippet":"max-snippet:-1","max-image-preview":"max-image-preview:large","max-video-preview":"max-video-preview:-1"},"canonical":"https:\/\/optique-nicorelli.fr\/magasin\/","og_locale":"fr_FR","og_type":"article","og_title":"Optique Nicorelli - Opticien \u00e0 Vanves : Lunettes, lunettes de soleil, lentilles.","og_description":"Nous vous accompagnons afin de s\u00e9lectionner des verres adapt\u00e9s a vos besoins ainsi que des montures de marques. D\u00e9couvrez aussi nos lunettes de soleil de cr\u00e9ateurs ainsi que nos lentilles de vue.","og_url":"https:\/\/optique-nicorelli.fr\/magasin\/","og_site_name":"Optique Nicorelli","article_publisher":"https:\/\/www.facebook.com\/optiquenicorelli\/","article_modified_time":"2026-04-25T08:59:36+00:00","twitter_misc":{"Dur\u00e9e de lecture estim\u00e9e":"3 minutes"},"schema":{"@context":"https:\/\/schema.org","@graph":[{"@type":"WebPage","@id":"https:\/\/optique-nicorelli.fr\/magasin\/","url":"https:\/\/optique-nicorelli.fr\/magasin\/","name":"Optique Nicorelli - Opticien \u00e0 Vanves : Lunettes, lunettes de soleil, lentilles.","isPartOf":{"@id":"https:\/\/optique-nicorelli.fr\/magasin\/#website"},"datePublished":"2021-10-01T09:03:57+00:00","dateModified":"2026-04-25T08:59:36+00:00","description":"Nous vous accompagnons afin de s\u00e9lectionner des verres adapt\u00e9s a vos besoins ainsi que des montures de marques. D\u00e9couvrez aussi nos lunettes de soleil de cr\u00e9ateurs ainsi que nos lentilles de vue.","breadcrumb":{"@id":"https:\/\/optique-nicorelli.fr\/magasin\/#breadcrumb"},"inLanguage":"fr-FR","potentialAction":[{"@type":"ReadAction","target":["https:\/\/optique-nicorelli.fr\/magasin\/"]}]},{"@type":"BreadcrumbList","@id":"https:\/\/optique-nicorelli.fr\/magasin\/#breadcrumb","itemListElement":[{"@type":"ListItem","position":1,"name":"Accueil","item":"https:\/\/optique-nicorelli.fr\/magasin\/"},{"@type":"ListItem","position":2,"name":"Opticien \u00e0 Vanves : Lunettes, lunettes de soleil, lentilles."}]},{"@type":"WebSite","@id":"https:\/\/optique-nicorelli.fr\/magasin\/#website","url":"https:\/\/optique-nicorelli.fr\/magasin\/","name":"Optique Nicorelli","description":"Opticien, sp\u00e9cialiste de la sant\u00e9 visuel \u00e0 Vanves","publisher":{"@id":"https:\/\/optique-nicorelli.fr\/magasin\/#organization"},"potentialAction":[{"@type":"SearchAction","target":{"@type":"EntryPoint","urlTemplate":"https:\/\/optique-nicorelli.fr\/magasin\/?s={search_term_string}"},"query-input":{"@type":"PropertyValueSpecification","valueRequired":true,"valueName":"search_term_string"}}],"inLanguage":"fr-FR"},{"@type":"Organization","@id":"https:\/\/optique-nicorelli.fr\/magasin\/#organization","name":"Optique Nicorelli","url":"https:\/\/optique-nicorelli.fr\/magasin\/","logo":{"@type":"ImageObject","inLanguage":"fr-FR","@id":"https:\/\/optique-nicorelli.fr\/magasin\/#\/schema\/logo\/image\/","url":"https:\/\/optique-nicorelli.fr\/magasin\/wp-content\/uploads\/2021\/10\/nicorelli_log.png","contentUrl":"https:\/\/optique-nicorelli.fr\/magasin\/wp-content\/uploads\/2021\/10\/nicorelli_log.png","width":410,"height":94,"caption":"Optique Nicorelli"},"image":{"@id":"https:\/\/optique-nicorelli.fr\/magasin\/#\/schema\/logo\/image\/"},"sameAs":["https:\/\/www.facebook.com\/optiquenicorelli\/","https:\/\/www.instagram.com\/optiquenicorelli\/"]}]}},"_links":{"self":[{"href":"https:\/\/optique-nicorelli.fr\/magasin\/wp-json\/wp\/v2\/pages\/20","targetHints":{"allow":["GET"]}}],"collection":[{"href":"https:\/\/optique-nicorelli.fr\/magasin\/wp-json\/wp\/v2\/pages"}],"about":[{"href":"https:\/\/optique-nicorelli.fr\/magasin\/wp-json\/wp\/v2\/types\/page"}],"author":[{"embeddable":true,"href":"https:\/\/optique-nicorelli.fr\/magasin\/wp-json\/wp\/v2\/users\/1"}],"replies":[{"embeddable":true,"href":"https:\/\/optique-nicorelli.fr\/magasin\/wp-json\/wp\/v2\/comments?post=20"}],"version-history":[{"count":164,"href":"https:\/\/optique-nicorelli.fr\/magasin\/wp-json\/wp\/v2\/pages\/20\/revisions"}],"predecessor-version":[{"id":353,"href":"https:\/\/optique-nicorelli.fr\/magasin\/wp-json\/wp\/v2\/pages\/20\/revisions\/353"}],"wp:attachment":[{"href":"https:\/\/optique-nicorelli.fr\/magasin\/wp-json\/wp\/v2\/media?parent=20"}],"curies":[{"name":"wp","href":"https:\/\/api.w.org\/{rel}","templated":true}]}}